{"version":"1.0","provider_name":"umweltaktivisten.de","provider_url":"https:\/\/www.umweltaktivisten.de","author_name":"marita","author_url":"https:\/\/www.umweltaktivisten.de\/author\/marita\/","title":"2024: Castor-Transporte J\u00fclich-Ahaus? - umweltaktivisten.de","type":"rich","width":600,"height":338,"html":"<blockquote class=\"wp-embedded-content\" data-secret=\"IukK6aIJa9\"><a href=\"https:\/\/www.umweltaktivisten.de\/index.php\/2023\/09\/01\/2024-castor-transporte-juelich-ahaus\/\">2024: Castor-Transporte J\u00fclich-Ahaus?<\/a><\/blockquote><iframe sandbox=\"allow-scripts\" security=\"restricted\" src=\"https:\/\/www.umweltaktivisten.de\/index.php\/2023\/09\/01\/2024-castor-transporte-juelich-ahaus\/embed\/#?secret=IukK6aIJa9\" width=\"600\" height=\"338\" title=\"&#8222;2024: Castor-Transporte J\u00fclich-Ahaus?&#8220; &#8211; umweltaktivisten.de\" data-secret=\"IukK6aIJa9\" frameborder=\"0\" marginwidth=\"0\" marginheight=\"0\" scrolling=\"no\" class=\"wp-embedded-content\"><\/iframe><script type=\"text\/javascript\">\n\/* <![CDATA[ *\/\n\/*! This file is auto-generated *\/\n!function(d,l){\"use strict\";l.querySelector&&d.addEventListener&&\"undefined\"!=typeof URL&&(d.wp=d.wp||{},d.wp.receiveEmbedMessage||(d.wp.receiveEmbedMessage=function(e){var t=e.data;if((t||t.secret||t.message||t.value)&&!\/[^a-zA-Z0-9]\/.test(t.secret)){for(var s,r,n,a=l.querySelectorAll('iframe[data-secret=\"'+t.secret+'\"]'),o=l.querySelectorAll('blockquote[data-secret=\"'+t.secret+'\"]'),c=new RegExp(\"^https?:$\",\"i\"),i=0;i<o.length;i++)o[i].style.display=\"none\";for(i=0;i<a.length;i++)s=a[i],e.source===s.contentWindow&&(s.removeAttribute(\"style\"),\"height\"===t.message?(1e3<(r=parseInt(t.value,10))?r=1e3:~~r<200&&(r=200),s.height=r):\"link\"===t.message&&(r=new URL(s.getAttribute(\"src\")),n=new URL(t.value),c.test(n.protocol))&&n.host===r.host&&l.activeElement===s&&(d.top.location.href=t.value))}},d.addEventListener(\"message\",d.wp.receiveEmbedMessage,!1),l.addEventListener(\"DOMContentLoaded\",function(){for(var e,t,s=l.querySelectorAll(\"iframe.wp-embedded-content\"),r=0;r<s.length;r++)(t=(e=s[r]).getAttribute(\"data-secret\"))||(t=Math.random().toString(36).substring(2,12),e.src+=\"#?secret=\"+t,e.setAttribute(\"data-secret\",t)),e.contentWindow.postMessage({message:\"ready\",secret:t},\"*\")},!1)))}(window,document);\n\/\/# sourceURL=https:\/\/www.umweltaktivisten.de\/wp-includes\/js\/wp-embed.min.js\n\/* ]]> *\/\n<\/script>\n","thumbnail_url":"https:\/\/www.umweltaktivisten.de\/wp-content\/uploads\/2022\/06\/Anti-Atom_Euskirchen-W.jpeg","thumbnail_width":424,"thumbnail_height":201,"description":"Ab 2024 k\u00f6nnten sie rollen, die Castoren mit hochradioaktivem Atomm\u00fcll vom Zwischenlager J\u00fclich ins Zwischenlager Ahaus. Dabei sind beide Zwischenlager gleicherma\u00dfen ungeeignet. Das konzeptlose Verschieben von Atomm\u00fcll muss deshalb sofort gestoppt werden. Castor-Transporte von J\u00fclich nach Ahaus geplant 152 Castoren mit hochradioaktivem Atomm\u00fcll sollen ab 2024 vom Zwischenlager J\u00fclich in\u2026 weiter ..."}