{"version":"1.0","provider_name":"umweltaktivisten.de","provider_url":"https:\/\/www.umweltaktivisten.de","author_name":"marita","author_url":"https:\/\/www.umweltaktivisten.de\/author\/marita\/","title":"Nachlese: Mahnwache in J\u00fclich vor ETC und FZJ - umweltaktivisten.de","type":"rich","width":600,"height":338,"html":"<blockquote class=\"wp-embedded-content\" data-secret=\"TKme97N9Ba\"><a href=\"https:\/\/www.umweltaktivisten.de\/index.php\/2021\/09\/26\/nachlese-mahnwache-in-juelich-vor-etc-und-fzj\/\">Nachlese: Mahnwache in J\u00fclich vor ETC und FZJ<\/a><\/blockquote><iframe sandbox=\"allow-scripts\" security=\"restricted\" src=\"https:\/\/www.umweltaktivisten.de\/index.php\/2021\/09\/26\/nachlese-mahnwache-in-juelich-vor-etc-und-fzj\/embed\/#?secret=TKme97N9Ba\" width=\"600\" height=\"338\" title=\"&#8222;Nachlese: Mahnwache in J\u00fclich vor ETC und FZJ&#8220; &#8211; umweltaktivisten.de\" data-secret=\"TKme97N9Ba\" frameborder=\"0\" marginwidth=\"0\" marginheight=\"0\" scrolling=\"no\" class=\"wp-embedded-content\"><\/iframe><script type=\"text\/javascript\">\n\/* <![CDATA[ *\/\n\/*! This file is auto-generated *\/\n!function(d,l){\"use strict\";l.querySelector&&d.addEventListener&&\"undefined\"!=typeof URL&&(d.wp=d.wp||{},d.wp.receiveEmbedMessage||(d.wp.receiveEmbedMessage=function(e){var t=e.data;if((t||t.secret||t.message||t.value)&&!\/[^a-zA-Z0-9]\/.test(t.secret)){for(var s,r,n,a=l.querySelectorAll('iframe[data-secret=\"'+t.secret+'\"]'),o=l.querySelectorAll('blockquote[data-secret=\"'+t.secret+'\"]'),c=new RegExp(\"^https?:$\",\"i\"),i=0;i<o.length;i++)o[i].style.display=\"none\";for(i=0;i<a.length;i++)s=a[i],e.source===s.contentWindow&&(s.removeAttribute(\"style\"),\"height\"===t.message?(1e3<(r=parseInt(t.value,10))?r=1e3:~~r<200&&(r=200),s.height=r):\"link\"===t.message&&(r=new URL(s.getAttribute(\"src\")),n=new URL(t.value),c.test(n.protocol))&&n.host===r.host&&l.activeElement===s&&(d.top.location.href=t.value))}},d.addEventListener(\"message\",d.wp.receiveEmbedMessage,!1),l.addEventListener(\"DOMContentLoaded\",function(){for(var e,t,s=l.querySelectorAll(\"iframe.wp-embedded-content\"),r=0;r<s.length;r++)(t=(e=s[r]).getAttribute(\"data-secret\"))||(t=Math.random().toString(36).substring(2,12),e.src+=\"#?secret=\"+t,e.setAttribute(\"data-secret\",t)),e.contentWindow.postMessage({message:\"ready\",secret:t},\"*\")},!1)))}(window,document);\n\/\/# sourceURL=https:\/\/www.umweltaktivisten.de\/wp-includes\/js\/wp-embed.min.js\n\/* ]]> *\/\n<\/script>\n","thumbnail_url":"https:\/\/www.umweltaktivisten.de\/wp-content\/uploads\/2021\/09\/ETC-bearb_201.jpg","thumbnail_width":301,"thumbnail_height":201,"description":"Rund 20 Teilnehmer haben an der Aktion vor dem Forschungszentrum J\u00fclich und vor der Enrichment Technology Company (ETC) teilgenommen. Unter ihnen war auch der Bundesabgeordnete der Partei \u201eDie Linke\u201c Zeki G\u00f6khan, MdB. Pressespiegel: Lokalkompass Super Sonntag Herzog Kultur- &amp; Stadtmagazin f\u00fcr J\u00fclich Scharf links weiter ..."}