{"version":"1.0","provider_name":"umweltaktivisten.de","provider_url":"https:\/\/www.umweltaktivisten.de","author_name":"marita","author_url":"https:\/\/www.umweltaktivisten.de\/author\/marita\/","title":"Ahaus: Pressekonferenz zur Atomm\u00fclldemo - umweltaktivisten.de","type":"rich","width":600,"height":338,"html":"<blockquote class=\"wp-embedded-content\" data-secret=\"xs008YC6fJ\"><a href=\"https:\/\/www.umweltaktivisten.de\/index.php\/2019\/02\/22\/ahaus-pressekonferenz-zur-atommuelldemo\/\">Ahaus: Pressekonferenz zur Atomm\u00fclldemo<\/a><\/blockquote><iframe sandbox=\"allow-scripts\" security=\"restricted\" src=\"https:\/\/www.umweltaktivisten.de\/index.php\/2019\/02\/22\/ahaus-pressekonferenz-zur-atommuelldemo\/embed\/#?secret=xs008YC6fJ\" width=\"600\" height=\"338\" title=\"&#8222;Ahaus: Pressekonferenz zur Atomm\u00fclldemo&#8220; &#8211; umweltaktivisten.de\" data-secret=\"xs008YC6fJ\" frameborder=\"0\" marginwidth=\"0\" marginheight=\"0\" scrolling=\"no\" class=\"wp-embedded-content\"><\/iframe><script type=\"text\/javascript\">\n\/* <![CDATA[ *\/\n\/*! This file is auto-generated *\/\n!function(d,l){\"use strict\";l.querySelector&&d.addEventListener&&\"undefined\"!=typeof URL&&(d.wp=d.wp||{},d.wp.receiveEmbedMessage||(d.wp.receiveEmbedMessage=function(e){var t=e.data;if((t||t.secret||t.message||t.value)&&!\/[^a-zA-Z0-9]\/.test(t.secret)){for(var s,r,n,a=l.querySelectorAll('iframe[data-secret=\"'+t.secret+'\"]'),o=l.querySelectorAll('blockquote[data-secret=\"'+t.secret+'\"]'),c=new RegExp(\"^https?:$\",\"i\"),i=0;i<o.length;i++)o[i].style.display=\"none\";for(i=0;i<a.length;i++)s=a[i],e.source===s.contentWindow&&(s.removeAttribute(\"style\"),\"height\"===t.message?(1e3<(r=parseInt(t.value,10))?r=1e3:~~r<200&&(r=200),s.height=r):\"link\"===t.message&&(r=new URL(s.getAttribute(\"src\")),n=new URL(t.value),c.test(n.protocol))&&n.host===r.host&&l.activeElement===s&&(d.top.location.href=t.value))}},d.addEventListener(\"message\",d.wp.receiveEmbedMessage,!1),l.addEventListener(\"DOMContentLoaded\",function(){for(var e,t,s=l.querySelectorAll(\"iframe.wp-embedded-content\"),r=0;r<s.length;r++)(t=(e=s[r]).getAttribute(\"data-secret\"))||(t=Math.random().toString(36).substring(2,12),e.src+=\"#?secret=\"+t,e.setAttribute(\"data-secret\",t)),e.contentWindow.postMessage({message:\"ready\",secret:t},\"*\")},!1)))}(window,document);\n\/\/# sourceURL=https:\/\/www.umweltaktivisten.de\/wp-includes\/js\/wp-embed.min.js\n\/* ]]> *\/\n<\/script>\n","thumbnail_url":"https:\/\/www.umweltaktivisten.de\/wp-content\/uploads\/2019\/02\/Banner-w_200.png","thumbnail_width":201,"thumbnail_height":262,"description":"Einladung zu einer Pressekonferenz am 25. Februar in Ahaus Im M\u00e4rz j\u00e4hrt sich die Atomkatastrophe von Fukushima zum achten Male. Um daran zu erinnern, finden am zweiten M\u00e4rzwochenende Demonstrationen in verschiedenen St\u00e4dten in Deutschland statt: Am 9. M\u00e4rz in Berlin und Ahaus, am 10. M\u00e4rz in Neckarwestheim. Mit diesen Aktionen\u2026 weiter ..."}